{"id":781,"date":"2024-10-14T14:15:14","date_gmt":"2024-10-14T14:15:14","guid":{"rendered":"http:\/\/izvak.org\/?page_id=781"},"modified":"2024-12-24T07:50:40","modified_gmt":"2024-12-24T07:50:40","slug":"sinan-bezircilioglu","status":"publish","type":"page","link":"http:\/\/izvak.org\/index.php\/sinan-bezircilioglu\/","title":{"rendered":"Sinan Bezircilio\u011flu"},"content":{"rendered":"\n<p>1976 \u0130zmir\u2019de do\u011fmu\u015ftur. Orta ve lise \u00f6\u011frenimini \u0130zmir Amerikan Koleji\u2019nde tamamlam\u0131\u015ft\u0131r. \u0130stanbul Teknik \u00dcniversitesi Petrol ve Do\u011falgaz M\u00fchendisli\u011fi b\u00f6l\u00fcm\u00fcnden 1998\u2019de mezun olduktan sonra, \u0130ngiltere Manchester\u2019da Salford \u00dcniversitesi\u2019nde MBA derecesi alarak, 2000 y\u0131l\u0131nda yurda d\u00f6nm\u00fc\u015f ve serbest i\u015f hayat\u0131na ba\u015flam\u0131\u015ft\u0131r. Hali haz\u0131rda, in\u015faat ve otomotiv alanlar\u0131nda faaliyet g\u00f6stermektedir.<\/p>\n\n\n\n<p>\u0130zmir\u2019de bir\u00e7ok sivil toplum kurulu\u015funun aktif \u00fcyesi olan Bezircilio\u011flu, 2003 y\u0131l\u0131ndan beri y\u00f6netim kurullar\u0131nda \u00e7e\u015fitli kademelerinde g\u00f6rev yapt\u0131\u011f\u0131 Alt\u0131nordu Spor Kul\u00fcb\u00fc\u2019n\u00fcn ve kamu yarar\u0131na dernek stat\u00fcs\u00fcndeki Kayseri \u0130li Yard\u0131m Derne\u011fi\u2019nin ba\u015fkanl\u0131\u011f\u0131 g\u00f6revini y\u00fcr\u00fctm\u00fc\u015ft\u00fcr. Ege Gen\u00e7 \u0130\u015f \u0130nsanlar\u0131 Derne\u011fi\u2019nde (EG\u0130AD) 2008-2012 y\u0131llar\u0131nda iki d\u00f6nem y\u00f6netim kurulu \u00fcyeli\u011fi g\u00f6revinde bulunmu\u015ftur. Hali haz\u0131rda \u0130zmir temsilcili\u011fini y\u00fcr\u00fctmekte oldu\u011fu, Ankara merkezli T\u00fcrkiye K\u00fc\u00e7\u00fck ve Orta \u00d6l\u00e7ekli \u0130\u015fletmeler Serbest Meslek Mensuplar\u0131 (TOSY\u00d6V) vakf\u0131n\u0131n ge\u00e7mi\u015f d\u00f6nem y\u00f6netim kurulu \u00fcyeli\u011fi g\u00f6revini y\u00fcr\u00fctm\u00fc\u015ft\u00fcr.<\/p>\n\n\n\n<p>\u0130Y\u0130 Parti\u2019nin ge\u00e7mi\u015f d\u00f6nem \u0130l Ba\u015fkanl\u0131\u011f\u0131 g\u00f6revini ifa eden M. Sinan Bezircilio\u011flu, hali haz\u0131rda Konak M\u00fcteahhitler ve \u0130\u015fadamlar\u0131 Derne\u011fi\u2019nin y\u00f6netim kurulu ba\u015fkanl\u0131\u011f\u0131, \u0130zmir Ticaret Odas\u0131 Disiplin Kurulu \u00fcyeli\u011fi, \u0130zmir Sanayici ve \u0130\u015f \u0130nsanlar\u0131 Derne\u011fi (\u0130ZS\u0130AD) Dan\u0131\u015fma Kurulu \u00fcyeli\u011fi ve M\u00fcteahhitler Federasyonu (M\u00dcFED) y\u00f6netim kurulu \u00fcyeli\u011fi g\u00f6revlerini s\u00fcrd\u00fcrmektedir.<\/p>\n\n\n\n<p>2004 y\u0131l\u0131ndan beri \u00fcyesi oldu\u011fu \u0130zmir Spor Kul\u00fcpleri Birli\u011fi Vakf\u0131\u2019nda (\u0130ZVAK) 2018 y\u0131l\u0131ndan beri y\u00f6netim kurulu \u00fcyeli\u011fi g\u00f6revinde bulunmaktad\u0131r.<\/p>\n\n\n\n<p>\u0130zmir Y\u00fcksek Teknoloji Enstit\u00fcs\u00fc Yabanc\u0131 Diller Y\u00fcksek Okul M\u00fcd\u00fcr\u00fc Dr. Sinem Bezircilio\u011flu ile evli ve bir erkek \u00e7ocuk babas\u0131d\u0131r.<\/p>\n","protected":false},"excerpt":{"rendered":"<p>1976 \u0130zmir\u2019de do\u011fmu\u015ftur. Orta ve lise \u00f6\u011frenimini \u0130zmir Amerikan Koleji\u2019nde tamamlam\u0131\u015ft\u0131r. \u0130stanbul Teknik \u00dcniversitesi Petrol ve Do\u011falgaz M\u00fchendisli\u011fi b\u00f6l\u00fcm\u00fcnden 1998\u2019de mezun olduktan sonra, \u0130ngiltere Manchester\u2019da Salford \u00dcniversitesi\u2019nde MBA derecesi alarak, 2000 y\u0131l\u0131nda yurda d\u00f6nm\u00fc\u015f ve serbest i\u015f hayat\u0131na ba\u015flam\u0131\u015ft\u0131r. Hali haz\u0131rda, in\u015faat ve otomotiv alanlar\u0131nda faaliyet g\u00f6stermektedir. \u0130zmir\u2019de bir\u00e7ok sivil toplum kurulu\u015funun aktif \u00fcyesi olan [&hellip;]<\/p>\n","protected":false},"author":1,"featured_media":0,"parent":0,"menu_order":0,"comment_status":"closed","ping_status":"closed","template":"","meta":{"_uag_custom_page_level_css":"","footnotes":""},"class_list":["post-781","page","type-page","status-publish","hentry"],"uagb_featured_image_src":{"full":false,"thumbnail":false,"medium":false,"medium_large":false,"large":false,"1536x1536":false,"2048x2048":false},"uagb_author_info":{"display_name":"izvak","author_link":"http:\/\/izvak.org\/index.php\/author\/izvakorg\/"},"uagb_comment_info":0,"uagb_excerpt":"1976 \u0130zmir\u2019de do\u011fmu\u015ftur. Orta ve lise \u00f6\u011frenimini \u0130zmir Amerikan Koleji\u2019nde tamamlam\u0131\u015ft\u0131r. \u0130stanbul Teknik \u00dcniversitesi Petrol ve Do\u011falgaz M\u00fchendisli\u011fi b\u00f6l\u00fcm\u00fcnden 1998\u2019de mezun olduktan sonra, \u0130ngiltere Manchester\u2019da Salford \u00dcniversitesi\u2019nde MBA derecesi alarak, 2000 y\u0131l\u0131nda yurda d\u00f6nm\u00fc\u015f ve serbest i\u015f hayat\u0131na ba\u015flam\u0131\u015ft\u0131r. Hali haz\u0131rda, in\u015faat ve otomotiv alanlar\u0131nda faaliyet g\u00f6stermektedir. \u0130zmir\u2019de bir\u00e7ok sivil toplum kurulu\u015funun aktif \u00fcyesi olan&hellip;","_links":{"self":[{"href":"http:\/\/izvak.org\/index.php\/wp-json\/wp\/v2\/pages\/781","targetHints":{"allow":["GET"]}}],"collection":[{"href":"http:\/\/izvak.org\/index.php\/wp-json\/wp\/v2\/pages"}],"about":[{"href":"http:\/\/izvak.org\/index.php\/wp-json\/wp\/v2\/types\/page"}],"author":[{"embeddable":true,"href":"http:\/\/izvak.org\/index.php\/wp-json\/wp\/v2\/users\/1"}],"replies":[{"embeddable":true,"href":"http:\/\/izvak.org\/index.php\/wp-json\/wp\/v2\/comments?post=781"}],"version-history":[{"count":2,"href":"http:\/\/izvak.org\/index.php\/wp-json\/wp\/v2\/pages\/781\/revisions"}],"predecessor-version":[{"id":1482,"href":"http:\/\/izvak.org\/index.php\/wp-json\/wp\/v2\/pages\/781\/revisions\/1482"}],"wp:attachment":[{"href":"http:\/\/izvak.org\/index.php\/wp-json\/wp\/v2\/media?parent=781"}],"curies":[{"name":"wp","href":"https:\/\/api.w.org\/{rel}","templated":true}]}}