{"id":789,"date":"2024-10-14T14:17:09","date_gmt":"2024-10-14T14:17:09","guid":{"rendered":"http:\/\/izvak.org\/?page_id=789"},"modified":"2024-12-24T07:48:50","modified_gmt":"2024-12-24T07:48:50","slug":"elif-saglamer","status":"publish","type":"page","link":"http:\/\/izvak.org\/index.php\/elif-saglamer\/","title":{"rendered":"Elif Sa\u011flamer"},"content":{"rendered":"\n<figure class=\"wp-block-table\"><table class=\"has-fixed-layout\"><tbody><tr><td><\/td><\/tr><tr><td>Y\u00fcksek Mimar<br><br><strong>1971\u00a0<\/strong>Sivas do\u011fumlu<strong>1993\u00a0<\/strong>y\u0131l\u0131nda Dokuz Eyl\u00fcl \u00dcniversitesi Mimarl\u0131k B\u00f6l\u00fcm\u00fcn\u00fc bitirdi.<strong>1996\u00a0<\/strong>y\u0131l\u0131nda Dokuz Eyl\u00fcl \u00dcniversitesi Bina Bilgisi B\u00f6l\u00fcm\u00fcnde y\u00fcksek lisans yapt\u0131.<strong>1994\u00a0<\/strong>y\u0131l\u0131nda mimar olarak \u00e7al\u0131\u015fma hayat\u0131na at\u0131ld\u0131. 23 y\u0131l proje geli\u015ftirici ve yat\u0131r\u0131mc\u0131 firmalarda proje ve i\u015f geli\u015ftirme konular\u0131nda mimar, proje m\u00fcd\u00fcr\u00fc, \u00fcst d\u00fczey y\u00f6neticilik, genel m\u00fcd\u00fcrl\u00fck ve y\u00f6netim kurulu \u00fcyeli\u011fi yapt\u0131.\u00a0Uzmanl\u0131k alan\u0131 y\u00fcksek yap\u0131lar, karma projeler, ofis, residence, villa ve al\u0131\u015fveri\u015f merkezi projeleri ve uygulamalar\u0131d\u0131r.<strong>2017\u00a0<\/strong>y\u0131l\u0131nda Elif Sa\u011flamer Mimarl\u0131k firmas\u0131n\u0131 kurdu, kendi i\u015finde mimari ve i\u00e7 mimari proje ve dan\u0131\u015fmanl\u0131k hizmetlerine devam ediyor.<strong>2018<\/strong>\u00a0y\u0131l\u0131ndan bu yana \u0130ZVAK Y\u00f6netim Kurulu \u00dcyeli\u011fi yap\u0131yor.\u00a0<br><br><strong>Daha fazla bilgi i\u00e7in:\u00a0<\/strong>www.elifsaglamermimarlik.com<strong>\u00a0<\/strong><\/td><\/tr><\/tbody><\/table><\/figure>\n","protected":false},"excerpt":{"rendered":"<p>Y\u00fcksek Mimar 1971\u00a0Sivas do\u011fumlu1993\u00a0y\u0131l\u0131nda Dokuz Eyl\u00fcl \u00dcniversitesi Mimarl\u0131k B\u00f6l\u00fcm\u00fcn\u00fc bitirdi.1996\u00a0y\u0131l\u0131nda Dokuz Eyl\u00fcl \u00dcniversitesi Bina Bilgisi B\u00f6l\u00fcm\u00fcnde y\u00fcksek lisans yapt\u0131.1994\u00a0y\u0131l\u0131nda mimar olarak \u00e7al\u0131\u015fma hayat\u0131na at\u0131ld\u0131. 23 y\u0131l proje geli\u015ftirici ve yat\u0131r\u0131mc\u0131 firmalarda proje ve i\u015f geli\u015ftirme konular\u0131nda mimar, proje m\u00fcd\u00fcr\u00fc, \u00fcst d\u00fczey y\u00f6neticilik, genel m\u00fcd\u00fcrl\u00fck ve y\u00f6netim kurulu \u00fcyeli\u011fi yapt\u0131.\u00a0Uzmanl\u0131k alan\u0131 y\u00fcksek yap\u0131lar, karma projeler, ofis, [&hellip;]<\/p>\n","protected":false},"author":1,"featured_media":0,"parent":0,"menu_order":0,"comment_status":"closed","ping_status":"closed","template":"","meta":{"_uag_custom_page_level_css":"","footnotes":""},"class_list":["post-789","page","type-page","status-publish","hentry"],"uagb_featured_image_src":{"full":false,"thumbnail":false,"medium":false,"medium_large":false,"large":false,"1536x1536":false,"2048x2048":false},"uagb_author_info":{"display_name":"izvak","author_link":"http:\/\/izvak.org\/index.php\/author\/izvakorg\/"},"uagb_comment_info":0,"uagb_excerpt":"Y\u00fcksek Mimar 1971\u00a0Sivas do\u011fumlu1993\u00a0y\u0131l\u0131nda Dokuz Eyl\u00fcl \u00dcniversitesi Mimarl\u0131k B\u00f6l\u00fcm\u00fcn\u00fc bitirdi.1996\u00a0y\u0131l\u0131nda Dokuz Eyl\u00fcl \u00dcniversitesi Bina Bilgisi B\u00f6l\u00fcm\u00fcnde y\u00fcksek lisans yapt\u0131.1994\u00a0y\u0131l\u0131nda mimar olarak \u00e7al\u0131\u015fma hayat\u0131na at\u0131ld\u0131. 23 y\u0131l proje geli\u015ftirici ve yat\u0131r\u0131mc\u0131 firmalarda proje ve i\u015f geli\u015ftirme konular\u0131nda mimar, proje m\u00fcd\u00fcr\u00fc, \u00fcst d\u00fczey y\u00f6neticilik, genel m\u00fcd\u00fcrl\u00fck ve y\u00f6netim kurulu \u00fcyeli\u011fi yapt\u0131.\u00a0Uzmanl\u0131k alan\u0131 y\u00fcksek yap\u0131lar, karma projeler, ofis,&hellip;","_links":{"self":[{"href":"http:\/\/izvak.org\/index.php\/wp-json\/wp\/v2\/pages\/789","targetHints":{"allow":["GET"]}}],"collection":[{"href":"http:\/\/izvak.org\/index.php\/wp-json\/wp\/v2\/pages"}],"about":[{"href":"http:\/\/izvak.org\/index.php\/wp-json\/wp\/v2\/types\/page"}],"author":[{"embeddable":true,"href":"http:\/\/izvak.org\/index.php\/wp-json\/wp\/v2\/users\/1"}],"replies":[{"embeddable":true,"href":"http:\/\/izvak.org\/index.php\/wp-json\/wp\/v2\/comments?post=789"}],"version-history":[{"count":3,"href":"http:\/\/izvak.org\/index.php\/wp-json\/wp\/v2\/pages\/789\/revisions"}],"predecessor-version":[{"id":1480,"href":"http:\/\/izvak.org\/index.php\/wp-json\/wp\/v2\/pages\/789\/revisions\/1480"}],"wp:attachment":[{"href":"http:\/\/izvak.org\/index.php\/wp-json\/wp\/v2\/media?parent=789"}],"curies":[{"name":"wp","href":"https:\/\/api.w.org\/{rel}","templated":true}]}}