{"id":74,"date":"2024-07-08T13:09:32","date_gmt":"2024-07-08T13:09:32","guid":{"rendered":"http:\/\/izvak.org\/?page_id=74"},"modified":"2025-02-26T20:34:26","modified_gmt":"2025-02-26T20:34:26","slug":"yonetim-kurulu","status":"publish","type":"page","link":"https:\/\/izvak.org\/index.php\/yonetim-kurulu\/","title":{"rendered":"Y\u00f6netim Kurulu"},"content":{"rendered":"\n<style>\nhtml {\n  box-sizing: border-box;\n}\n \n*, *:before, *:after {\n  box-sizing: inherit;\n}\n \n.column {\n  float: left;\n  width: 20%;\n  margin-bottom: 16px;\n  padding: 0 8px;\n}\n \n@media screen and (max-width: 650px) {\n  .column {\n    width: 100%;\n    display: block;\n  }\n}\n \n.card {\n  box-shadow: 0 4px 8px 0 rgba(0, 0, 0, 0.2);\n}\n \n.container {\n  padding: 0 16px;\n}\n \n.container::after, .row::after {\n  content: \"\";\n  clear: both;\n  display: table;\n}\n \n.title {\n  color: grey;\n}\n \n.button {\n  border: none;\n  outline: 0;\n  display: inline-block;\n  padding: 8px;\n  color: white;\n  background-color: #202f5b;\n  text-align: center;\n  font-weight: bold;\n  cursor: pointer;\n  width: 100%;\n}\n \n.button:hover {\n  background-color: #555;\n}\n\nh2 {\n  font-size: 24px;\n  line-height: 1.3;\n}\n<\/style>\n\n\n<div class=\"row\">\n<div class=\"column\">\n<div class=\"card\">\n<img decoding=\"async\" src=\"http:\/\/izvak.org\/wp-content\/uploads\/2024\/11\/IMG_9834.jpg\" alt=\"Ali Erten\" style=\"height:220px;width:100%\">\n<div class=\"container\">\n<h2 style=\"font-size:20px;\">Ali Erten<\/h2>\n<p class=\"title\">Ba\u015fkan<\/p>\n<p><a class=\"button\" href=\"http:\/\/izvak.org\/index.php\/ali-erten\/\">\u00d6zge\u00e7mi\u015f<\/a><\/p>\n<\/div>\n<\/div>\n<\/div>\n \n \n\n<div class=\"column\">\n<div class=\"card\">\n<img decoding=\"async\" src=\"http:\/\/izvak.org\/wp-content\/uploads\/2025\/01\/TALAT-PAPATYA.jpg\" alt=\"Y\u00f6netim Kurulu\" style=\"height:220px;width:100%\">\n<div class=\"container\">\n<h2 style=\"font-size:20px;\">Talat Papatya<\/h2>\n<p class=\"title\">Ba\u015fkan Vekili<\/p>\n<p><a class=\"button\" href=\"http:\/\/izvak.org\/index.php\/talat-papatya\/\">\u00d6zge\u00e7mi\u015f<\/a><\/p>\n<\/div>\n<\/div>\n<\/div>\n\n\n \n\n<div class=\"column\">\n<div class=\"card\">\n<img decoding=\"async\" src=\"http:\/\/izvak.org\/wp-content\/uploads\/2025\/01\/EK.jpeg\" alt=\"Y\u00f6netim Kurulu\" style=\"height:220px;width:100%\">\n<div class=\"container\">\n<h2 style=\"font-size:20px;\">Ercan Korkmaz<\/h2>\n<p class=\"title\">Ba\u015fkan Yard\u0131mc\u0131s\u0131<\/p>\n<p><a class=\"button\" href=\"http:\/\/izvak.org\/index.php\/ercan-korkmaz-2\/\">\u00d6zge\u00e7mi\u015f<\/a><\/p>\n<\/div>\n<\/div>\n<\/div>\n\n \n \n\n<div class=\"column\">\n<div class=\"card\">\n<img decoding=\"async\" src=\"http:\/\/izvak.org\/wp-content\/uploads\/2024\/12\/tanfer.jpeg\" alt=\"Y\u00f6netim Kurulu\" style=\"height:220px;width:100%\">\n<div class=\"container\">\n<h2 style=\"font-size:20px;\">Fatih Tanfer<\/h2>\n<p class=\"title\">Ba\u015fkan Yard\u0131mc\u0131s\u0131<\/p>\n<p><a class=\"button\" href=\"https:\/\/izvak.org\/index.php\/fatih-tanfer-2\/\">\u00d6zge\u00e7mi\u015f<\/a><\/p>\n<\/div>\n<\/div>\n<\/div>\n\n<div class=\"column\">\n<div class=\"card\">\n<img decoding=\"async\" src=\"http:\/\/izvak.org\/wp-content\/uploads\/2024\/10\/erdem-meco.jpg\" alt=\"Y\u00f6netim Kurulu\" style=\"height:220px;width:100%\">\n<div class=\"container\">\n<h2 style=\"font-size:20px;\">Av. Erdem Me\u00e7o<\/h2>\n<p class=\"title\">Genel Sekreter<\/p>\n<p><a class=\"button\" href=\"http:\/\/izvak.org\/index.php\/erdem-meco-2\/\">\u00d6zge\u00e7mi\u015f<\/a><\/p>\n<\/div>\n<\/div>\n<\/div>\n<\/div>\n\n\n<div class=\"row\">\n\n\n<div class=\"column\">\n<div class=\"card\">\n<img decoding=\"async\" src=\"http:\/\/izvak.org\/wp-content\/uploads\/2024\/10\/turhan-gursel-urhan.jpg\" alt=\"Y\u00f6netim Kurulu\" style=\"height:220px;width:100%\">\n<div class=\"container\">\n<h2 style=\"font-size:20px;\">Turhan G\u00fcrsel Urhan<\/h2>\n<p class=\"title\">Sayman<\/p>\n<p><a class=\"button\" href=\"https:\/\/izvak.org\/index.php\/turhan-gursel-urhan-2\/\">\u00d6zge\u00e7mi\u015f<\/a><\/p>\n<\/div>\n<\/div>\n<\/div>\n\n\n<div class=\"column\">\n<div class=\"card\">\n<img decoding=\"async\" src=\"http:\/\/izvak.org\/wp-content\/uploads\/2024\/10\/sinan-bezircilioglu-yonetim-kurulu-uyesi.jpg\" alt=\"Y\u00f6netim Kurulu\" style=\"height:220px;width:100%\">\n<div class=\"container\">\n<h2 style=\"font-size:20px;\">Sinan Bezircilio\u011flu<\/h2>\n<p class=\"title\">Y\u00f6netim Kurulu \u00dcyesi<\/p>\n<p><a class=\"button\" href=\"http:\/\/izvak.org\/index.php\/sinan-bezircilioglu\/\">\u00d6zge\u00e7mi\u015f<\/a><\/p>\n<\/div>\n<\/div>\n<\/div>\n\n\n<div class=\"column\">\n<div class=\"card\">\n<img decoding=\"async\" src=\"http:\/\/izvak.org\/wp-content\/uploads\/2024\/10\/sabri-sevenoglu-yonetim-kurulu-uyesi.jpg\" alt=\"Y\u00f6netim Kurulu\" style=\"height:220px;width:100%\">\n<div class=\"container\">\n<h2 style=\"font-size:20px;\">Sabri Seveno\u011flu<\/h2>\n<p class=\"title\">Y\u00f6netim Kurulu \u00dcyesi<\/p>\n<p><a class=\"button\" href=\"http:\/\/izvak.org\/index.php\/sabri-sevenoglu\/\">\u00d6zge\u00e7mi\u015f<\/a><\/p>\n<\/div>\n<\/div>\n<\/div>\n\n \n\n\n\n \n \n \n<div class=\"column\">\n<div class=\"card\">\n<img decoding=\"async\" src=\"http:\/\/izvak.org\/wp-content\/uploads\/2024\/10\/elif-saglamer-yonetim-kurulu-uyesi.jpg\" alt=\"Y\u00f6netim Kurulu\" style=\"height:220px;width:100%\">\n<div class=\"container\">\n<h2 style=\"font-size:20px;\">Elif Sa\u011flamer<\/h2>\n<p class=\"title\">Y\u00f6netim Kurulu \u00dcyesi<\/p>\n<p><a class=\"button\" href=\"http:\/\/izvak.org\/index.php\/elif-saglamer\/\">\u00d6zge\u00e7mi\u015f<\/a><\/p>\n<\/div>\n<\/div>\n<\/div>\n\n \n\n<div class=\"column\">\n<div class=\"card\">\n<img decoding=\"async\" src=\"http:\/\/izvak.org\/wp-content\/uploads\/2024\/10\/sedef-ustuner-yonetim-kurulu-uyesi.jpg\" alt=\"Y\u00f6netim Kurulu\" style=\"height:220px;width:100%\">\n<div class=\"container\">\n<h2 style=\"font-size:20px;\">Av. Sedef \u00dcst\u00fcner<\/h2>\n<p class=\"title\">Y\u00f6netim Kurulu \u00dcyesi<\/p>\n<p><a class=\"button\" href=\"http:\/\/izvak.org\/index.php\/sedef-ustuner\/\">\u00d6zge\u00e7mi\u015f<\/a><\/p>\n<\/div>\n<\/div>\n<\/div>\n<\/div>\n\n<div class=\"row\">\n<div class=\"column\">\n<div class=\"card\">\n<img decoding=\"async\" src=\"http:\/\/izvak.org\/wp-content\/uploads\/2024\/10\/saliha-ayda-mac-yonetim-kurulu-uyesi.jpg\" alt=\"Y\u00f6netim Kurulu\" style=\"height:220px;width:100%\">\n<div class=\"container\">\n<h2 style=\"font-size:20px;\">Saliha Ayda Ma\u00e7<\/h2>\n<p class=\"title\">Y\u00f6netim Kurulu \u00dcyesi<\/p>\n<p><a class=\"button\" href=\"http:\/\/izvak.org\/index.php\/saliha-ayda-mac\/\">\u00d6zge\u00e7mi\u015f<\/a><\/p>\n<\/div>\n<\/div>\n<\/div>\n\n<div class=\"column\">\n<div class=\"card\">\n<img decoding=\"async\" src=\"http:\/\/izvak.org\/wp-content\/uploads\/2025\/01\/WhatsApp-Image-2024-12-26-at-16.16.57.jpeg\" alt=\"Y\u00f6netim Kurulu\" style=\"height:220px;width:100%\">\n<div class=\"container\">\n<h2 style=\"font-size:20px;\">Hasan Ercazip<\/h2>\n<p class=\"title\">Y\u00f6netim Kurulu \u00dcyesi<\/p>\n<p><a class=\"button\" href=\"http:\/\/izvak.org\/index.php\/hasan-ercazip\/\">\u00d6zge\u00e7mi\u015f<\/a><\/p>\n<\/div>\n<\/div>\n<\/div>\n\n \n<div class=\"column\">\n<div class=\"card\">\n<img decoding=\"async\" src=\"http:\/\/izvak.org\/wp-content\/uploads\/2024\/10\/mustafa-avci-yonetim-kurulu-uyesi.jpg\" alt=\"Y\u00f6netim Kurulu\" style=\"height:220px;width:100%\">\n<div class=\"container\">\n<h2 style=\"font-size:20px;\">Mustafa Avc\u0131<\/h2>\n<p class=\"title\">Y\u00f6netim Kurulu \u00dcyesi<\/p>\n<p><a class=\"button\" href=\"http:\/\/izvak.org\/index.php\/mustafa-avci\/\">\u00d6zge\u00e7mi\u015f<\/a><\/p>\n<\/div>\n<\/div>\n<\/div>\n\n \n \n<div class=\"column\">\n<div class=\"card\">\n<img decoding=\"async\" src=\"http:\/\/izvak.org\/wp-content\/uploads\/2024\/10\/engin-kurt.jpeg\" alt=\"Y\u00f6netim Kurulu\" style=\"height:220px;width:100%\">\n<div class=\"container\">\n<h2 style=\"font-size:20px;\">Engin Kurt<\/h2>\n<p class=\"title\">Y\u00f6netim Kurulu \u00dcyesi<\/p>\n<p><a class=\"button\" href=\"https:\/\/izvak.org\/index.php\/engin-kurt-2\/\">\u00d6zge\u00e7mi\u015f<\/a><\/p>\n<\/div>\n<\/div>\n<\/div>\n\n \n \n<div class=\"column\">\n<div class=\"card\">\n<img decoding=\"async\" src=\"http:\/\/izvak.org\/wp-content\/uploads\/2025\/01\/Suavi.jpeg\" alt=\"Y\u00f6netim Kurulu\" style=\"height:220px;width:100%\">\n<div class=\"container\">\n<h2 style=\"font-size:20px;\">Suavi Yard\u0131mo\u011flu<\/h2>\n<p class=\"title\">Y\u00f6netim Kurulu \u00dcyesi<\/p>\n<p><a class=\"button\" href=\"http:\/\/izvak.org\/index.php\/suavi-yardimoglu\/\">\u00d6zge\u00e7mi\u015f<\/a><\/p>\n<\/div>\n<\/div>\n<\/div>\n<\/div>\n\n \n<div class=\"row\">\n<div class=\"column\">\n<div class=\"card\">\n<img decoding=\"async\" src=\"http:\/\/izvak.org\/wp-content\/uploads\/2024\/10\/emre_can.jpeg\" alt=\"Y\u00f6netim Kurulu\" style=\"height:220px;width:100%\">\n<div class=\"container\">\n<h2 style=\"font-size:20px;\">Emre Can<\/h2>\n<p class=\"title\">Y\u00f6netim Kurulu \u00dcyesi<\/p>\n<p><a class=\"button\" href=\"https:\/\/izvak.org\/index.php\/emre-can\/\">\u00d6zge\u00e7mi\u015f<\/a><\/p>\n<\/div>\n<\/div>\n<\/div>\n\n \n<div class=\"column\">\n<div class=\"card\">\n<img decoding=\"async\" src=\"http:\/\/izvak.org\/wp-content\/uploads\/2024\/10\/bedri-cumhur-dogu.jpeg\" alt=\"Y\u00f6netim Kurulu\" style=\"height:220px;width:100%\">\n<div class=\"container\">\n<h2 style=\"font-size:20px;\">Bedri Cumhur Do\u011fu<\/h2>\n<p class=\"title\">Y\u00f6netim Kurulu \u00dcyesi<\/p>\n<p><a class=\"button\" href=\"https:\/\/izvak.org\/index.php\/bedri-cumhur-dogu-2\/\">\u00d6zge\u00e7mi\u015f<\/a><\/p>\n<\/div>\n<\/div>\n<\/div>\n\n \n \n<div class=\"column\">\n<div class=\"card\">\n<img decoding=\"async\" src=\"http:\/\/izvak.org\/wp-content\/uploads\/2024\/10\/sidal-candarli.png\" alt=\"Y\u00f6netim Kurulu\" style=\"height:220px;width:100%\">\n<div class=\"container\">\n<h2 style=\"font-size:20px;\">Sidal \u00c7andarl\u0131<\/h2>\n<p class=\"title\">Y\u00f6netim Kurulu \u00dcyesi<\/p>\n<p><a class=\"button\" href=\"http:\/\/izvak.org\/index.php\/sidal-candarli\/\">\u00d6zge\u00e7mi\u015f<\/a><\/p>\n<\/div>\n<\/div>\n<\/div>\n \n<div class=\"column\">\n<div class=\"card\">\n<img decoding=\"async\" src=\"http:\/\/izvak.org\/wp-content\/uploads\/2024\/10\/aktug-sonmez-1.jpeg\" alt=\"Y\u00f6netim Kurulu\" style=\"height:220px;width:100%\">\n<div class=\"container\">\n<h2 style=\"font-size:20px;\">Aktu\u011f S\u00f6nmez<\/h2>\n<p class=\"title\">Y\u00f6netim Kurulu \u00dcyesi<\/p>\n<p><a class=\"button\" href=\"https:\/\/izvak.org\/index.php\/aktug-sonmez-2\">\u00d6zge\u00e7mi\u015f<\/a><\/p>\n<\/div>\n<\/div>\n<\/div>\n\n \n \n<div class=\"column\">\n<div class=\"card\">\n<img decoding=\"async\" src=\"http:\/\/izvak.org\/wp-content\/uploads\/2024\/10\/furkan-eren-uzyildirim.png\" alt=\"Y\u00f6netim Kurulu\" style=\"height:220px;width:100%\">\n<div class=\"container\">\n<h2 style=\"font-size:20px;\">F. Eren Uzy\u0131ld\u0131r\u0131m<\/h2>\n<p class=\"title\">Y\u00f6netim Kurulu \u00dcyesi<\/p>\n<p><a class=\"button\" href=\"https:\/\/izvak.org\/index.php\/furkan-eren-uzyildirim-2\/\">\u00d6zge\u00e7mi\u015f<\/a><\/p>\n<\/div>\n<\/div>\n<\/div>\n<\/div>\n\n \n<div class=\"row\">\n\n<div class=\"column\">\n<div class=\"card\">\n<img decoding=\"async\" src=\"http:\/\/izvak.org\/wp-content\/uploads\/2024\/10\/gokhan-kisla-altay-spor-kulubu-temsilcisi.jpg\" alt=\"Y\u00f6netim Kurulu\" style=\"height:220px;width:100%\">\n<div class=\"container\">\n<h2 style=\"font-size:20px;\">G\u00f6khan K\u0131\u015fla<\/h2>\n<p class=\"title\">Y\u00f6netim Kurulu \u00dcyesi<\/p>\n<p><a class=\"button\" href=\"http:\/\/izvak.org\/index.php\/gokhan-kisla\/\">\u00d6zge\u00e7mi\u015f<\/a><\/p>\n<\/div>\n<\/div>\n<\/div>\n \n<div class=\"column\">\n<div class=\"card\">\n<img decoding=\"async\" src=\"http:\/\/izvak.org\/wp-content\/uploads\/2024\/10\/necdet_bayatsapan.jpeg\" alt=\"Y\u00f6netim Kurulu\" style=\"height:220px;width:100%\">\n<div class=\"container\">\n<h2 style=\"font-size:20px;\">Necdet Bayatsapan<\/h2>\n<p class=\"title\">Y\u00f6netim Kurulu \u00dcyesi<\/p>\n<p><a class=\"button\" href=\"http:\/\/izvak.org\/index.php\/necdet-bayatsapan\/\">\u00d6zge\u00e7mi\u015f<\/a><\/p>\n<\/div>\n<\/div>\n<\/div>\n\n \n \n<div class=\"column\">\n<div class=\"card\">\n<img decoding=\"async\" src=\"http:\/\/izvak.org\/wp-content\/uploads\/2024\/10\/hakan-duzdemir-karsiyaka-spor-kulubu-temsilcisi.jpg\" alt=\"Y\u00f6netim Kurulu\" style=\"height:220px;width:100%\">\n<div class=\"container\">\n<h2 style=\"font-size:20px;\">Hakan D\u00fczdemir<\/h2>\n<p class=\"title\">Y\u00f6netim Kurulu \u00dcyesi<\/p>\n<p><a class=\"button\" href=\"http:\/\/izvak.org\/index.php\/hakan-duzdemir\/\">\u00d6zge\u00e7mi\u015f<\/a><\/p>\n<\/div>\n<\/div>\n<\/div>\n\n \n \n<div class=\"column\">\n<div class=\"card\">\n<img decoding=\"async\" src=\"http:\/\/izvak.org\/wp-content\/uploads\/2025\/01\/WhatsApp-Image-2025-01-27-at-18.00.59.jpeg\" alt=\"Y\u00f6netim Kurulu\" style=\"height:220px;width:100%\">\n<div class=\"container\">\n<h2 style=\"font-size:20px;\">Mutlu Y\u0131lmaz<\/h2>\n<p class=\"title\">Y\u00f6netim Kurulu \u00dcyesi<\/p>\n<p><a class=\"button\" href=\"http:\/\/izvak.org\/index.php\/mutlu-yilmaz\/\">\u00d6zge\u00e7mi\u015f<\/a><\/p>\n<\/div>\n<\/div>\n<\/div>\n\n\n<div class=\"column\">\n<div class=\"card\">\n<img decoding=\"async\" src=\"http:\/\/izvak.org\/wp-content\/uploads\/2025\/02\/WhatsApp-Image-2025-02-26-at-23.16.25.jpeg\" alt=\"\u0130zmirspor Temsilcisi\" style=\"height:220px;width:100%\">\n<div class=\"container\">\n<h2 style=\"font-size:20px;\">Ali Koyuncuo\u011flu<\/h2>\n<p class=\"title\">\u0130zmirspor Temsilcisi<\/p>\n<p><a class=\"button\" href=\"http:\/\/izvak.org\/index.php\/ali-koyuncuoglu\/\">\u00d6zge\u00e7mi\u015f<\/a><\/p>\n<\/div>\n<\/div>\n<\/div>\n\n<\/div>\n\n\n\n<p><\/p>\n","protected":false},"excerpt":{"rendered":"<p>Ali Erten Ba\u015fkan \u00d6zge\u00e7mi\u015f Talat Papatya Ba\u015fkan Vekili \u00d6zge\u00e7mi\u015f Ercan Korkmaz Ba\u015fkan Yard\u0131mc\u0131s\u0131 \u00d6zge\u00e7mi\u015f Fatih Tanfer Ba\u015fkan Yard\u0131mc\u0131s\u0131 \u00d6zge\u00e7mi\u015f Av. Erdem Me\u00e7o Genel Sekreter \u00d6zge\u00e7mi\u015f Turhan G\u00fcrsel Urhan Sayman \u00d6zge\u00e7mi\u015f Sinan Bezircilio\u011flu Y\u00f6netim Kurulu \u00dcyesi \u00d6zge\u00e7mi\u015f Sabri Seveno\u011flu Y\u00f6netim Kurulu \u00dcyesi \u00d6zge\u00e7mi\u015f Elif Sa\u011flamer Y\u00f6netim Kurulu \u00dcyesi \u00d6zge\u00e7mi\u015f Av. Sedef \u00dcst\u00fcner Y\u00f6netim Kurulu \u00dcyesi \u00d6zge\u00e7mi\u015f [&hellip;]<\/p>\n","protected":false},"author":1,"featured_media":0,"parent":0,"menu_order":0,"comment_status":"closed","ping_status":"closed","template":"","meta":{"_uag_custom_page_level_css":"","footnotes":""},"class_list":["post-74","page","type-page","status-publish","hentry"],"uagb_featured_image_src":{"full":false,"thumbnail":false,"medium":false,"medium_large":false,"large":false,"1536x1536":false,"2048x2048":false},"uagb_author_info":{"display_name":"izvak","author_link":"https:\/\/izvak.org\/index.php\/author\/izvakorg\/"},"uagb_comment_info":0,"uagb_excerpt":"Ali Erten Ba\u015fkan \u00d6zge\u00e7mi\u015f Talat Papatya Ba\u015fkan Vekili \u00d6zge\u00e7mi\u015f Ercan Korkmaz Ba\u015fkan Yard\u0131mc\u0131s\u0131 \u00d6zge\u00e7mi\u015f Fatih Tanfer Ba\u015fkan Yard\u0131mc\u0131s\u0131 \u00d6zge\u00e7mi\u015f Av. Erdem Me\u00e7o Genel Sekreter \u00d6zge\u00e7mi\u015f Turhan G\u00fcrsel Urhan Sayman \u00d6zge\u00e7mi\u015f Sinan Bezircilio\u011flu Y\u00f6netim Kurulu \u00dcyesi \u00d6zge\u00e7mi\u015f Sabri Seveno\u011flu Y\u00f6netim Kurulu \u00dcyesi \u00d6zge\u00e7mi\u015f Elif Sa\u011flamer Y\u00f6netim Kurulu \u00dcyesi \u00d6zge\u00e7mi\u015f Av. Sedef \u00dcst\u00fcner Y\u00f6netim Kurulu \u00dcyesi \u00d6zge\u00e7mi\u015f&hellip;","_links":{"self":[{"href":"https:\/\/izvak.org\/index.php\/wp-json\/wp\/v2\/pages\/74","targetHints":{"allow":["GET"]}}],"collection":[{"href":"https:\/\/izvak.org\/index.php\/wp-json\/wp\/v2\/pages"}],"about":[{"href":"https:\/\/izvak.org\/index.php\/wp-json\/wp\/v2\/types\/page"}],"author":[{"embeddable":true,"href":"https:\/\/izvak.org\/index.php\/wp-json\/wp\/v2\/users\/1"}],"replies":[{"embeddable":true,"href":"https:\/\/izvak.org\/index.php\/wp-json\/wp\/v2\/comments?post=74"}],"version-history":[{"count":88,"href":"https:\/\/izvak.org\/index.php\/wp-json\/wp\/v2\/pages\/74\/revisions"}],"predecessor-version":[{"id":1798,"href":"https:\/\/izvak.org\/index.php\/wp-json\/wp\/v2\/pages\/74\/revisions\/1798"}],"wp:attachment":[{"href":"https:\/\/izvak.org\/index.php\/wp-json\/wp\/v2\/media?parent=74"}],"curies":[{"name":"wp","href":"https:\/\/api.w.org\/{rel}","templated":true}]}}