{"id":797,"date":"2024-10-14T14:18:05","date_gmt":"2024-10-14T14:18:05","guid":{"rendered":"http:\/\/izvak.org\/?page_id=797"},"modified":"2025-02-03T18:58:34","modified_gmt":"2025-02-03T18:58:34","slug":"mustafa-avci","status":"publish","type":"page","link":"https:\/\/izvak.org\/index.php\/mustafa-avci\/","title":{"rendered":"Mustafa Avc\u0131"},"content":{"rendered":"\n<p>1962 y\u0131l\u0131nda Adana\u2019da do\u011fdum. Orta ve lise \u00f6\u011frenimimi Adana Motor Meslek Lisesi\u2019nde tamamlad\u0131m. \u00dclkenin siyasi \u015fartlar\u0131 nedeniyle y\u00fcksek\u00f6\u011frenimime devam edemedim. 1990 y\u0131l\u0131nda serbest i\u015f hayat\u0131na at\u0131ld\u0131m ve aktif olarak spor zeminleri ve in\u015faat sekt\u00f6r\u00fcnde faaliyet g\u00f6stermekteyim. \u0130zmir\u2019de bir\u00e7ok spor kul\u00fcb\u00fcne destek olmak amac\u0131yla tesisle\u015fme konusunda fikir ve projelerle yard\u0131mc\u0131 oldum.<\/p>\n\n\n\n<p>2012-2018 y\u0131llar\u0131 aras\u0131nda Menemen Belediyesi\u2019nde Sosyal \u0130\u015fler M\u00fcd\u00fcrl\u00fc\u011f\u00fc ve Fen \u0130\u015fleri\u2019nde aktif g\u00f6rev ald\u0131m. 2018 y\u0131l\u0131nda tekrar aktif olarak spor sahalar\u0131 ve in\u015faat i\u015flerine geri d\u00f6nd\u00fcm. Bu s\u00fcre\u00e7te Alsancak Stad\u0131 \u00e7im zemini, Turgutlu Stadyumu \u00e7im zemini, Seha Aksoy Atletizm Pisti ve \u00e7ok say\u0131da hal\u0131 saha imalat\u0131 ger\u00e7ekle\u015ftirdim.<\/p>\n\n\n\n<p>2011-2019 y\u0131llar\u0131 aras\u0131nda Menemenspor y\u00f6netiminde aktif g\u00f6rev ald\u0131m. 2018 y\u0131l\u0131nda \u0130zmir Spor Kul\u00fcpleri Vakf\u0131\u2019nda (\u0130ZVAK) y\u00f6netim kurulunda aktif olarak g\u00f6rev yapmaya ba\u015flad\u0131m ve halen devam etmekteyim. Bek\u00e2r\u0131m ve \u00e7ocu\u011fum yok.<\/p>\n\n\n\n<p><\/p>\n","protected":false},"excerpt":{"rendered":"<p>1962 y\u0131l\u0131nda Adana\u2019da do\u011fdum. Orta ve lise \u00f6\u011frenimimi Adana Motor Meslek Lisesi\u2019nde tamamlad\u0131m. \u00dclkenin siyasi \u015fartlar\u0131 nedeniyle y\u00fcksek\u00f6\u011frenimime devam edemedim. 1990 y\u0131l\u0131nda serbest i\u015f hayat\u0131na at\u0131ld\u0131m ve aktif olarak spor zeminleri ve in\u015faat sekt\u00f6r\u00fcnde faaliyet g\u00f6stermekteyim. \u0130zmir\u2019de bir\u00e7ok spor kul\u00fcb\u00fcne destek olmak amac\u0131yla tesisle\u015fme konusunda fikir ve projelerle yard\u0131mc\u0131 oldum. 2012-2018 y\u0131llar\u0131 aras\u0131nda Menemen Belediyesi\u2019nde [&hellip;]<\/p>\n","protected":false},"author":1,"featured_media":0,"parent":0,"menu_order":0,"comment_status":"closed","ping_status":"closed","template":"","meta":{"_uag_custom_page_level_css":"","footnotes":""},"class_list":["post-797","page","type-page","status-publish","hentry"],"uagb_featured_image_src":{"full":false,"thumbnail":false,"medium":false,"medium_large":false,"large":false,"1536x1536":false,"2048x2048":false},"uagb_author_info":{"display_name":"izvak","author_link":"https:\/\/izvak.org\/index.php\/author\/izvakorg\/"},"uagb_comment_info":0,"uagb_excerpt":"1962 y\u0131l\u0131nda Adana\u2019da do\u011fdum. Orta ve lise \u00f6\u011frenimimi Adana Motor Meslek Lisesi\u2019nde tamamlad\u0131m. \u00dclkenin siyasi \u015fartlar\u0131 nedeniyle y\u00fcksek\u00f6\u011frenimime devam edemedim. 1990 y\u0131l\u0131nda serbest i\u015f hayat\u0131na at\u0131ld\u0131m ve aktif olarak spor zeminleri ve in\u015faat sekt\u00f6r\u00fcnde faaliyet g\u00f6stermekteyim. \u0130zmir\u2019de bir\u00e7ok spor kul\u00fcb\u00fcne destek olmak amac\u0131yla tesisle\u015fme konusunda fikir ve projelerle yard\u0131mc\u0131 oldum. 2012-2018 y\u0131llar\u0131 aras\u0131nda Menemen Belediyesi\u2019nde&hellip;","_links":{"self":[{"href":"https:\/\/izvak.org\/index.php\/wp-json\/wp\/v2\/pages\/797","targetHints":{"allow":["GET"]}}],"collection":[{"href":"https:\/\/izvak.org\/index.php\/wp-json\/wp\/v2\/pages"}],"about":[{"href":"https:\/\/izvak.org\/index.php\/wp-json\/wp\/v2\/types\/page"}],"author":[{"embeddable":true,"href":"https:\/\/izvak.org\/index.php\/wp-json\/wp\/v2\/users\/1"}],"replies":[{"embeddable":true,"href":"https:\/\/izvak.org\/index.php\/wp-json\/wp\/v2\/comments?post=797"}],"version-history":[{"count":3,"href":"https:\/\/izvak.org\/index.php\/wp-json\/wp\/v2\/pages\/797\/revisions"}],"predecessor-version":[{"id":1545,"href":"https:\/\/izvak.org\/index.php\/wp-json\/wp\/v2\/pages\/797\/revisions\/1545"}],"wp:attachment":[{"href":"https:\/\/izvak.org\/index.php\/wp-json\/wp\/v2\/media?parent=797"}],"curies":[{"name":"wp","href":"https:\/\/api.w.org\/{rel}","templated":true}]}}